{"id":812,"date":"2016-02-18T11:15:33","date_gmt":"2016-02-18T10:15:33","guid":{"rendered":"https:\/\/eifarb.ch\/webseite\/?page_id=812"},"modified":"2026-03-16T16:35:35","modified_gmt":"2026-03-16T15:35:35","slug":"eierfarben","status":"publish","type":"page","link":"https:\/\/www.eifarb.ch\/fr\/eierfarben\/","title":{"rendered":"Peinture aux \u0153ufs"},"content":{"rendered":"<style type=\"text\/css\" data-created_by=\"avia_inline_auto\" id=\"style-css-av-99bnic-e5bda3a974fe73c621b706a18e93859e\">\n.flex_column.av-99bnic-e5bda3a974fe73c621b706a18e93859e{\nborder-radius:0px 0px 0px 0px;\npadding:0px 0px 0px 0px;\n}\n<\/style>\n<div  class='flex_column av-99bnic-e5bda3a974fe73c621b706a18e93859e av_two_third  avia-builder-el-0  el_before_av_section  avia-builder-el-no-sibling  first flex_column_div av-zero-column-padding'     ><p>\n<style type=\"text\/css\" data-created_by=\"avia_inline_auto\" id=\"style-css-av-93ebq4-1f2ac797d2e62ae195130a5e06aa9d34\">\n#top .av-special-heading.av-93ebq4-1f2ac797d2e62ae195130a5e06aa9d34{\npadding-bottom:10px;\n}\nbody .av-special-heading.av-93ebq4-1f2ac797d2e62ae195130a5e06aa9d34 .av-special-heading-tag .heading-char{\nfont-size:25px;\n}\n.av-special-heading.av-93ebq4-1f2ac797d2e62ae195130a5e06aa9d34 .av-subheading{\nfont-size:15px;\n}\n<\/style>\n<div  class='av-special-heading av-93ebq4-1f2ac797d2e62ae195130a5e06aa9d34 av-special-heading-h1 blockquote modern-quote  avia-builder-el-1  el_before_av_heading  avia-builder-el-first'><h1 class='av-special-heading-tag'  itemprop=\"headline\"  >Nat\u00fcrliche Eierfarben<\/h1><div class=\"special-heading-border\"><div class=\"special-heading-inner-border\"><\/div><\/div><\/div><br \/>\n\n<style type=\"text\/css\" data-created_by=\"avia_inline_auto\" id=\"style-css-av-8umft8-c14d55234f3c635a6fd898f0392b6dc9\">\n#top .av-special-heading.av-8umft8-c14d55234f3c635a6fd898f0392b6dc9{\npadding-bottom:10px;\n}\nbody .av-special-heading.av-8umft8-c14d55234f3c635a6fd898f0392b6dc9 .av-special-heading-tag .heading-char{\nfont-size:25px;\n}\n.av-special-heading.av-8umft8-c14d55234f3c635a6fd898f0392b6dc9 .av-subheading{\nfont-size:15px;\n}\n<\/style>\n<div  class='av-special-heading av-8umft8-c14d55234f3c635a6fd898f0392b6dc9 av-special-heading-h3 blockquote modern-quote  avia-builder-el-2  el_after_av_heading  el_before_av_textblock'><h3 class='av-special-heading-tag'  itemprop=\"headline\"  >Couleurs d'\u0153ufs de P\u00e2ques pour une coloration naturelle<\/h3><div class=\"special-heading-border\"><div class=\"special-heading-inner-border\"><\/div><\/div><\/div><br \/>\n<section  class='av_textblock_section av-8riwdo-fcf5989808cd900a07d249744fcfb5fb'   itemscope=\"itemscope\" itemtype=\"https:\/\/schema.org\/CreativeWork\" ><div class='avia_textblock'  itemprop=\"text\" ><p>Die nat\u00fcrlichen Eierfarben von Dixa erm\u00f6glichen das nat\u00fcrliche F\u00e4rben von Ostereiern im Wasserbad. Du m\u00f6chtest gleich loslegen? Hier findest du unsere <a href=\"\/fr\/ostereier-faerben\/\">Anleitung zum Ostereier f\u00e4rben in 6 Schritten<\/a>.<\/p>\n<p><strong>Cuisiner et colorer en m\u00eame temps !<\/strong><\/p>\n<\/div><\/section><\/p><\/div>\n<\/div><\/div><\/div><!-- close content main div --><\/div><\/div><div id='av_section_1'  class='avia-section av-8l32p8-f5f3a6b457c68dbc02592fcaf2eb2697 main_color avia-section-default avia-no-border-styling  avia-builder-el-4  el_after_av_two_third  el_before_av_section  avia-bg-style-scroll container_wrap fullsize'  ><div class='container av-section-cont-open' ><div class='template-page content  av-content-full alpha units'><div class='post-entry post-entry-type-page post-entry-812'><div class='entry-content-wrapper clearfix'>\n<div class='flex_column_table av-8cufos-e620995a0a2c1c0e25afe7bd45477533 sc-av_two_fifth av-equal-height-column-flextable'>\n<style type=\"text\/css\" data-created_by=\"avia_inline_auto\" id=\"style-css-av-8cufos-e620995a0a2c1c0e25afe7bd45477533\">\n.flex_column.av-8cufos-e620995a0a2c1c0e25afe7bd45477533{\nborder-radius:0px 0px 0px 0px;\npadding:0px 0px 0px 0px;\n}\n<\/style>\n<div  class='flex_column av-8cufos-e620995a0a2c1c0e25afe7bd45477533 av_two_fifth  avia-builder-el-5  el_before_av_three_fifth  avia-builder-el-first  first flex_column_table_cell av-equal-height-column av-align-bottom av-zero-column-padding'     ><style type=\"text\/css\" data-created_by=\"avia_inline_auto\" id=\"style-css-av-852q8s-9a93be5a6cb012af36abc74f17adecdc\">\n.avia-image-container.av-852q8s-9a93be5a6cb012af36abc74f17adecdc img.avia_image{\nbox-shadow:none;\n}\n.avia-image-container.av-852q8s-9a93be5a6cb012af36abc74f17adecdc .av-image-caption-overlay-center{\ncolor:#ffffff;\n}\n<\/style>\n<div  class='avia-image-container av-852q8s-9a93be5a6cb012af36abc74f17adecdc av-styling- avia-align-center  avia-builder-el-6  avia-builder-el-no-sibling'   itemprop=\"image\" itemscope=\"itemscope\" itemtype=\"https:\/\/schema.org\/ImageObject\" ><div class=\"avia-image-container-inner\"><div class=\"avia-image-overlay-wrap\"><img decoding=\"async\" fetchpriority=\"high\" class='wp-image-1277 avia-img-lazy-loading-not-1277 avia_image' src=\"https:\/\/www.eifarb.ch\/webseite\/wp-content\/uploads\/2020\/02\/blauholz-violett-blau-eier-farbe-ostern-1030x1030.jpg\" alt='Nat\u00fcrliche Eierfarbe violett \u2013 aus Blauholz' title='bleu-bois-violet-bleu-oeufs-couleur-de- P\u00e2ques'  height=\"1030\" width=\"1030\"  itemprop=\"thumbnailUrl\" srcset=\"https:\/\/www.eifarb.ch\/webseite\/wp-content\/uploads\/2020\/02\/blauholz-violett-blau-eier-farbe-ostern-1030x1030.jpg 1030w, https:\/\/www.eifarb.ch\/webseite\/wp-content\/uploads\/2020\/02\/blauholz-violett-blau-eier-farbe-ostern-450x450.jpg 450w, https:\/\/www.eifarb.ch\/webseite\/wp-content\/uploads\/2020\/02\/blauholz-violett-blau-eier-farbe-ostern-100x100.jpg 100w, https:\/\/www.eifarb.ch\/webseite\/wp-content\/uploads\/2020\/02\/blauholz-violett-blau-eier-farbe-ostern-300x300.jpg 300w, https:\/\/www.eifarb.ch\/webseite\/wp-content\/uploads\/2020\/02\/blauholz-violett-blau-eier-farbe-ostern-80x80.jpg 80w, https:\/\/www.eifarb.ch\/webseite\/wp-content\/uploads\/2020\/02\/blauholz-violett-blau-eier-farbe-ostern-768x768.jpg 768w, https:\/\/www.eifarb.ch\/webseite\/wp-content\/uploads\/2020\/02\/blauholz-violett-blau-eier-farbe-ostern-1536x1536.jpg 1536w, https:\/\/www.eifarb.ch\/webseite\/wp-content\/uploads\/2020\/02\/blauholz-violett-blau-eier-farbe-ostern-2048x2048.jpg 2048w, https:\/\/www.eifarb.ch\/webseite\/wp-content\/uploads\/2020\/02\/blauholz-violett-blau-eier-farbe-ostern-36x36.jpg 36w, https:\/\/www.eifarb.ch\/webseite\/wp-content\/uploads\/2020\/02\/blauholz-violett-blau-eier-farbe-ostern-180x180.jpg 180w, https:\/\/www.eifarb.ch\/webseite\/wp-content\/uploads\/2020\/02\/blauholz-violett-blau-eier-farbe-ostern-1500x1500.jpg 1500w, https:\/\/www.eifarb.ch\/webseite\/wp-content\/uploads\/2020\/02\/blauholz-violett-blau-eier-farbe-ostern-705x705.jpg 705w\" sizes=\"(max-width: 1030px) 100vw, 1030px\" \/><\/div><\/div><\/div><\/div><div class='av-flex-placeholder'><\/div>\n<style type=\"text\/css\" data-created_by=\"avia_inline_auto\" id=\"style-css-av-80v2d8-b0f6ae67018e4aba3eaee743827f1055\">\n.flex_column.av-80v2d8-b0f6ae67018e4aba3eaee743827f1055{\nborder-radius:0px 0px 0px 0px;\npadding:0px 0px 0px 0px;\n}\n<\/style>\n<div  class='flex_column av-80v2d8-b0f6ae67018e4aba3eaee743827f1055 av_three_fifth  avia-builder-el-7  el_after_av_two_fifth  avia-builder-el-last  flex_column_table_cell av-equal-height-column av-align-bottom'     ><p>\n<style type=\"text\/css\" data-created_by=\"avia_inline_auto\" id=\"style-css-av-1a2vrg-78d9a0e358d357d5a247be347caaf5a4\">\n#top .av-special-heading.av-1a2vrg-78d9a0e358d357d5a247be347caaf5a4{\npadding-bottom:10px;\n}\nbody .av-special-heading.av-1a2vrg-78d9a0e358d357d5a247be347caaf5a4 .av-special-heading-tag .heading-char{\nfont-size:25px;\n}\n.av-special-heading.av-1a2vrg-78d9a0e358d357d5a247be347caaf5a4 .av-subheading{\nfont-size:15px;\n}\n<\/style>\n<div  class='av-special-heading av-1a2vrg-78d9a0e358d357d5a247be347caaf5a4 av-special-heading-h3 blockquote modern-quote  avia-builder-el-8  el_before_av_textblock  avia-builder-el-first'><h3 class='av-special-heading-tag'  itemprop=\"headline\"  >Couleur des \u0153ufs \"bleu-violet<\/h3><div class=\"special-heading-border\"><div class=\"special-heading-inner-border\"><\/div><\/div><\/div><br \/>\n<section  class='av_textblock_section av-7q3z6k-7d25479f167c8dd4e18755cb834e41f4'   itemscope=\"itemscope\" itemtype=\"https:\/\/schema.org\/CreativeWork\" ><div class='avia_textblock'  itemprop=\"text\" ><p><strong>Bois bleu <\/strong><\/p>\n<p class=\"p1\">Le site <span class=\"s1\"><b>Bois de sang<\/b><\/span> (<i>Haematoxylum campechianum<\/i>), \u00e9galement <span class=\"s1\"><b>Bois bleu<\/b><\/span> ou <span class=\"s1\"><b>Arbre de Campeche<\/b><\/span> est originaire d'Am\u00e9rique centrale, du nord de l'Am\u00e9rique du Sud et des \u00eeles des Cara\u00efbes. Le bois \u00e9tait particuli\u00e8rement r\u00e9pandu dans la p\u00e9ninsule du Yucat\u00e1n et \u00e9tait export\u00e9 vers l'Europe depuis le port de Campeche. Aux 17e et 18e si\u00e8cles, le bois \u00e9tait <span class=\"s1\"><b>Bois bleu<\/b><\/span> \u00e9tait tr\u00e8s appr\u00e9ci\u00e9 en Europe en tant que colorant naturel - jusqu'\u00e0 ce qu'il soit supplant\u00e9 par les colorants synth\u00e9tiques.<\/p>\n<p class=\"p1\">Le colorant principal du bois bleu s'appelle <span class=\"s1\"><b>H\u00e9matoxyline<\/b><\/span>. Ce n'est que par la fermentation \u00e0 l'air libre que le bois fra\u00eechement r\u00e2p\u00e9 d\u00e9veloppe son effet typique. En combinaison avec les tanins naturels, il colore les <span class=\"s1\"><b>coquille alcaline d'\u0153uf<\/b><\/span> dans un fascinant <span class=\"s1\"><b>Bleu-violet<\/b><\/span> - sans aucun additif artificiel.<\/p>\n<p>Wie du mit dieser Farbe die sch\u00f6nsten Ergebnisse erzielst, erf\u00e4hrst du in unserer <a href=\"\/fr\/ostereier-faerben\/\">F\u00e4rbe-Anleitung<\/a>.<\/p>\n<\/div><\/section><br \/>\n<div  class='avia-button-wrap av-r1l8k-9a07ee0f35bdb3d53c2fb35b9a08c0ad-wrap avia-button-left  avia-builder-el-10  el_after_av_textblock  avia-builder-el-last'><a href='https:\/\/www.eifarb.ch\/fr\/produit\/eierfarbe-blau-violett\/'  class='avia-button av-r1l8k-9a07ee0f35bdb3d53c2fb35b9a08c0ad av-link-btn avia-icon_select-no avia-size-medium avia-position-left avia-color-theme-color'   aria-label=\"Commander la peinture pour \u0153ufs bleu-violet dans la boutique\"><span class='avia_iconbox_title' >Commander la peinture pour \u0153ufs bleu-violet dans la boutique<\/span><\/a><\/div><\/p><\/div><\/div><!--close column table wrapper. Autoclose: 1 --><\/div><\/div><\/div><!-- close content main div --><\/div><\/div><div id='av_section_2'  class='avia-section av-7cam38-675f5ba7dc6ed479e698a17d1a6eab58 main_color avia-section-default avia-no-border-styling  avia-builder-el-11  el_after_av_section  el_before_av_section  avia-bg-style-scroll container_wrap fullsize'  ><div class='container av-section-cont-open' ><div class='template-page content  av-content-full alpha units'><div class='post-entry post-entry-type-page post-entry-812'><div class='entry-content-wrapper clearfix'>\n<div class='flex_column_table av-78ybuc-2ffbcd3c03577c20c84386aa9242dc5f sc-av_two_fifth av-equal-height-column-flextable'>\n<style type=\"text\/css\" data-created_by=\"avia_inline_auto\" id=\"style-css-av-78ybuc-2ffbcd3c03577c20c84386aa9242dc5f\">\n.flex_column.av-78ybuc-2ffbcd3c03577c20c84386aa9242dc5f{\nborder-radius:0px 0px 0px 0px;\npadding:0px 0px 0px 0px;\n}\n<\/style>\n<div  class='flex_column av-78ybuc-2ffbcd3c03577c20c84386aa9242dc5f av_two_fifth  avia-builder-el-12  el_before_av_three_fifth  avia-builder-el-first  first flex_column_table_cell av-equal-height-column av-align-bottom av-zero-column-padding'     ><style type=\"text\/css\" data-created_by=\"avia_inline_auto\" id=\"style-css-av-71ifjw-dac77dd0aeefa2dc84bb517f9cfe18df\">\n.avia-image-container.av-71ifjw-dac77dd0aeefa2dc84bb517f9cfe18df img.avia_image{\nbox-shadow:none;\n}\n.avia-image-container.av-71ifjw-dac77dd0aeefa2dc84bb517f9cfe18df .av-image-caption-overlay-center{\ncolor:#ffffff;\n}\n<\/style>\n<div  class='avia-image-container av-71ifjw-dac77dd0aeefa2dc84bb517f9cfe18df av-styling- avia-align-center  avia-builder-el-13  avia-builder-el-no-sibling'   itemprop=\"image\" itemscope=\"itemscope\" itemtype=\"https:\/\/schema.org\/ImageObject\" ><div class=\"avia-image-container-inner\"><div class=\"avia-image-overlay-wrap\"><img decoding=\"async\" fetchpriority=\"high\" class='wp-image-1283 avia-img-lazy-loading-not-1283 avia_image' src=\"https:\/\/www.eifarb.ch\/webseite\/wp-content\/uploads\/2020\/02\/walnusschalen-braun-eier-farbe-ostern-1030x1030.jpg\" alt='Nat\u00fcrliche Eierfarbe braun \u2013 aus Walnussschalen' title='coquille de noix-marron-oeufs-couleur-de-p\u00e2ques'  height=\"1030\" width=\"1030\"  itemprop=\"thumbnailUrl\" srcset=\"https:\/\/www.eifarb.ch\/webseite\/wp-content\/uploads\/2020\/02\/walnusschalen-braun-eier-farbe-ostern-1030x1030.jpg 1030w, https:\/\/www.eifarb.ch\/webseite\/wp-content\/uploads\/2020\/02\/walnusschalen-braun-eier-farbe-ostern-450x450.jpg 450w, https:\/\/www.eifarb.ch\/webseite\/wp-content\/uploads\/2020\/02\/walnusschalen-braun-eier-farbe-ostern-100x100.jpg 100w, https:\/\/www.eifarb.ch\/webseite\/wp-content\/uploads\/2020\/02\/walnusschalen-braun-eier-farbe-ostern-300x300.jpg 300w, https:\/\/www.eifarb.ch\/webseite\/wp-content\/uploads\/2020\/02\/walnusschalen-braun-eier-farbe-ostern-80x80.jpg 80w, https:\/\/www.eifarb.ch\/webseite\/wp-content\/uploads\/2020\/02\/walnusschalen-braun-eier-farbe-ostern-768x768.jpg 768w, https:\/\/www.eifarb.ch\/webseite\/wp-content\/uploads\/2020\/02\/walnusschalen-braun-eier-farbe-ostern-1536x1536.jpg 1536w, https:\/\/www.eifarb.ch\/webseite\/wp-content\/uploads\/2020\/02\/walnusschalen-braun-eier-farbe-ostern-2048x2048.jpg 2048w, https:\/\/www.eifarb.ch\/webseite\/wp-content\/uploads\/2020\/02\/walnusschalen-braun-eier-farbe-ostern-36x36.jpg 36w, https:\/\/www.eifarb.ch\/webseite\/wp-content\/uploads\/2020\/02\/walnusschalen-braun-eier-farbe-ostern-180x180.jpg 180w, https:\/\/www.eifarb.ch\/webseite\/wp-content\/uploads\/2020\/02\/walnusschalen-braun-eier-farbe-ostern-1500x1500.jpg 1500w, https:\/\/www.eifarb.ch\/webseite\/wp-content\/uploads\/2020\/02\/walnusschalen-braun-eier-farbe-ostern-705x705.jpg 705w\" sizes=\"(max-width: 1030px) 100vw, 1030px\" \/><\/div><\/div><\/div><\/div><div class='av-flex-placeholder'><\/div>\n<style type=\"text\/css\" data-created_by=\"avia_inline_auto\" id=\"style-css-av-6w15p8-1997e763296f862e15f4c5ce33b36bc9\">\n.flex_column.av-6w15p8-1997e763296f862e15f4c5ce33b36bc9{\nborder-radius:0px 0px 0px 0px;\npadding:0px 0px 0px 0px;\n}\n<\/style>\n<div  class='flex_column av-6w15p8-1997e763296f862e15f4c5ce33b36bc9 av_three_fifth  avia-builder-el-14  el_after_av_two_fifth  avia-builder-el-last  flex_column_table_cell av-equal-height-column av-align-bottom'     ><p>\n<style type=\"text\/css\" data-created_by=\"avia_inline_auto\" id=\"style-css-av-14m7ik-b5a1f848f65332812a919a82b7efca8f\">\n#top .av-special-heading.av-14m7ik-b5a1f848f65332812a919a82b7efca8f{\npadding-bottom:10px;\n}\nbody .av-special-heading.av-14m7ik-b5a1f848f65332812a919a82b7efca8f .av-special-heading-tag .heading-char{\nfont-size:25px;\n}\n.av-special-heading.av-14m7ik-b5a1f848f65332812a919a82b7efca8f .av-subheading{\nfont-size:15px;\n}\n<\/style>\n<div  class='av-special-heading av-14m7ik-b5a1f848f65332812a919a82b7efca8f av-special-heading-h3 blockquote modern-quote  avia-builder-el-15  el_before_av_textblock  avia-builder-el-first'><h3 class='av-special-heading-tag'  itemprop=\"headline\"  >Couleur des \u0153ufs \"brun \u00e0 brun fonc\u00e9<\/h3><div class=\"special-heading-border\"><div class=\"special-heading-inner-border\"><\/div><\/div><\/div><br \/>\n<section  class='av_textblock_section av-6ku8as-1f7daaa943496dc273020003623132e3'   itemscope=\"itemscope\" itemtype=\"https:\/\/schema.org\/CreativeWork\" ><div class='avia_textblock'  itemprop=\"text\" ><p><strong>Coquilles de noix<\/strong><\/p>\n<p class=\"p1\">Le site <span class=\"s1\"><b>les coquilles vertes de la noix<\/b><\/span> sont r\u00e9colt\u00e9s avec soin et sont ensuite <span class=\"s1\"><b>s\u00e9ch\u00e9 \u00e0 l'air<\/b><\/span>. Les Romains utilisaient d\u00e9j\u00e0 ces \u00e9pluchures s\u00e9ch\u00e9es comme <span class=\"s1\"><b>colorant naturel<\/b><\/span> - en particulier pour les tons bruns.<\/p>\n<p class=\"p1\">La couleur est due \u00e0 l'ingr\u00e9dient <span class=\"s1\"><b>Juglon<\/b><\/span> ainsi que par des substances contenues <span class=\"s1\"><b>Tannins<\/b><\/span>qui sont responsables du pouvoir colorant. D'ailleurs, le noyer lib\u00e8re \u00e9galement de la juglone par ses racines afin d'inhiber la croissance d'autres plantes \u00e0 proximit\u00e9 - un m\u00e9canisme de protection naturel contre la concurrence.<\/p>\n<p class=\"p1\">Avec les coquilles de noix, tu colores tes \u0153ufs de P\u00e2ques de mani\u00e8re tout \u00e0 fait naturelle en <span class=\"s1\"><b>des tons chauds de brun et de beige<\/b><\/span> - sans additifs synth\u00e9tiques.<\/p>\n<p>Wie du mit dieser Farbe die sch\u00f6nsten Ergebnisse erzielst, erf\u00e4hrst du in unserer <a class=\"underline underline underline-offset-2 decoration-1 decoration-current\/40 hover:decoration-current focus:decoration-current\" href=\"\/fr\/ostereier-faerben\/\">F\u00e4rbe-Anleitung<\/a>.<\/p>\n<\/div><\/section><br \/>\n<div  class='avia-button-wrap av-6cjjzg-e0198f00d355800ffc15eb8efaf7eb82-wrap avia-button-left  avia-builder-el-17  el_after_av_textblock  avia-builder-el-last'><a href='https:\/\/www.eifarb.ch\/fr\/produit\/eierfarbe-braun-bis-dunkelbraun\/'  class='avia-button av-6cjjzg-e0198f00d355800ffc15eb8efaf7eb82 av-link-btn avia-icon_select-no avia-size-medium avia-position-left avia-color-theme-color'   aria-label=\"Commander la peinture pour \u0153ufs brun-brun fonc\u00e9 dans la boutique\"><span class='avia_iconbox_title' >Commander la peinture pour \u0153ufs brun-brun fonc\u00e9 dans la boutique<\/span><\/a><\/div><\/p><\/div><\/div><!--close column table wrapper. Autoclose: 1 --><\/div><\/div><\/div><!-- close content main div --><\/div><\/div><div id='av_section_3'  class='avia-section av-m7lck-18c618dd5c10fae5f3395aecde7c8271 main_color avia-section-default avia-no-border-styling  avia-builder-el-18  el_after_av_section  el_before_av_section  avia-bg-style-scroll container_wrap fullsize'  ><div class='container av-section-cont-open' ><div class='template-page content  av-content-full alpha units'><div class='post-entry post-entry-type-page post-entry-812'><div class='entry-content-wrapper clearfix'>\n<div class='flex_column_table av-63q2z0-77a3a0e330b9ee4b06e629cba6b09c61 sc-av_two_fifth av-equal-height-column-flextable'>\n<style type=\"text\/css\" data-created_by=\"avia_inline_auto\" id=\"style-css-av-63q2z0-77a3a0e330b9ee4b06e629cba6b09c61\">\n.flex_column.av-63q2z0-77a3a0e330b9ee4b06e629cba6b09c61{\nborder-radius:0px 0px 0px 0px;\npadding:0px 0px 0px 0px;\n}\n<\/style>\n<div  class='flex_column av-63q2z0-77a3a0e330b9ee4b06e629cba6b09c61 av_two_fifth  avia-builder-el-19  el_before_av_three_fifth  avia-builder-el-first  first flex_column_table_cell av-equal-height-column av-align-bottom av-zero-column-padding'     ><style type=\"text\/css\" data-created_by=\"avia_inline_auto\" id=\"style-css-av-5x9t38-9a0cfb91553cd0de7cbf39fc0ac1ffbe\">\n.avia-image-container.av-5x9t38-9a0cfb91553cd0de7cbf39fc0ac1ffbe img.avia_image{\nbox-shadow:none;\n}\n.avia-image-container.av-5x9t38-9a0cfb91553cd0de7cbf39fc0ac1ffbe .av-image-caption-overlay-center{\ncolor:#ffffff;\n}\n<\/style>\n<div  class='avia-image-container av-5x9t38-9a0cfb91553cd0de7cbf39fc0ac1ffbe av-styling- avia-align-center  avia-builder-el-20  avia-builder-el-no-sibling'   itemprop=\"image\" itemscope=\"itemscope\" itemtype=\"https:\/\/schema.org\/ImageObject\" ><div class=\"avia-image-container-inner\"><div class=\"avia-image-overlay-wrap\"><img decoding=\"async\" fetchpriority=\"high\" class='wp-image-1281 avia-img-lazy-loading-not-1281 avia_image' src=\"https:\/\/www.eifarb.ch\/webseite\/wp-content\/uploads\/2020\/02\/malvenblueten-grau-gruen-eier-farbe-ostern-1030x1030.jpg\" alt='Nat\u00fcrliche Eierfarbe grau-gr\u00fcn \u2013 aus Malvenbl\u00fcten' title='mauve-fleurs-gris-vert-oeufs-couleur-p\u00e2ques'  height=\"1030\" width=\"1030\"  itemprop=\"thumbnailUrl\" srcset=\"https:\/\/www.eifarb.ch\/webseite\/wp-content\/uploads\/2020\/02\/malvenblueten-grau-gruen-eier-farbe-ostern-1030x1030.jpg 1030w, https:\/\/www.eifarb.ch\/webseite\/wp-content\/uploads\/2020\/02\/malvenblueten-grau-gruen-eier-farbe-ostern-450x450.jpg 450w, https:\/\/www.eifarb.ch\/webseite\/wp-content\/uploads\/2020\/02\/malvenblueten-grau-gruen-eier-farbe-ostern-100x100.jpg 100w, https:\/\/www.eifarb.ch\/webseite\/wp-content\/uploads\/2020\/02\/malvenblueten-grau-gruen-eier-farbe-ostern-300x300.jpg 300w, https:\/\/www.eifarb.ch\/webseite\/wp-content\/uploads\/2020\/02\/malvenblueten-grau-gruen-eier-farbe-ostern-80x80.jpg 80w, https:\/\/www.eifarb.ch\/webseite\/wp-content\/uploads\/2020\/02\/malvenblueten-grau-gruen-eier-farbe-ostern-768x768.jpg 768w, https:\/\/www.eifarb.ch\/webseite\/wp-content\/uploads\/2020\/02\/malvenblueten-grau-gruen-eier-farbe-ostern-1536x1536.jpg 1536w, https:\/\/www.eifarb.ch\/webseite\/wp-content\/uploads\/2020\/02\/malvenblueten-grau-gruen-eier-farbe-ostern-2048x2048.jpg 2048w, https:\/\/www.eifarb.ch\/webseite\/wp-content\/uploads\/2020\/02\/malvenblueten-grau-gruen-eier-farbe-ostern-36x36.jpg 36w, https:\/\/www.eifarb.ch\/webseite\/wp-content\/uploads\/2020\/02\/malvenblueten-grau-gruen-eier-farbe-ostern-180x180.jpg 180w, https:\/\/www.eifarb.ch\/webseite\/wp-content\/uploads\/2020\/02\/malvenblueten-grau-gruen-eier-farbe-ostern-1500x1500.jpg 1500w, https:\/\/www.eifarb.ch\/webseite\/wp-content\/uploads\/2020\/02\/malvenblueten-grau-gruen-eier-farbe-ostern-705x705.jpg 705w\" sizes=\"(max-width: 1030px) 100vw, 1030px\" \/><\/div><\/div><\/div><\/div><div class='av-flex-placeholder'><\/div>\n<style type=\"text\/css\" data-created_by=\"avia_inline_auto\" id=\"style-css-av-5r44do-043f1b8633bacd78d4e29737da573fcb\">\n.flex_column.av-5r44do-043f1b8633bacd78d4e29737da573fcb{\nborder-radius:0px 0px 0px 0px;\npadding:0px 0px 0px 0px;\n}\n<\/style>\n<div  class='flex_column av-5r44do-043f1b8633bacd78d4e29737da573fcb av_three_fifth  avia-builder-el-21  el_after_av_two_fifth  avia-builder-el-last  flex_column_table_cell av-equal-height-column av-align-bottom'     ><p>\n<style type=\"text\/css\" data-created_by=\"avia_inline_auto\" id=\"style-css-av-k845e2b3-bc8462eb4e063e7300000226ce108332\">\n#top .av-special-heading.av-k845e2b3-bc8462eb4e063e7300000226ce108332{\npadding-bottom:10px;\n}\nbody .av-special-heading.av-k845e2b3-bc8462eb4e063e7300000226ce108332 .av-special-heading-tag .heading-char{\nfont-size:25px;\n}\n.av-special-heading.av-k845e2b3-bc8462eb4e063e7300000226ce108332 .av-subheading{\nfont-size:15px;\n}\n<\/style>\n<div  class='av-special-heading av-k845e2b3-bc8462eb4e063e7300000226ce108332 av-special-heading-h3 blockquote modern-quote  avia-builder-el-22  el_before_av_textblock  avia-builder-el-first  av-linked-heading'><h3 class='av-special-heading-tag'  itemprop=\"headline\"  >Couleur des \u0153ufs \"gris-vert<\/h3><div class=\"special-heading-border\"><div class=\"special-heading-inner-border\"><\/div><\/div><\/div><br \/>\n<section  class='av_textblock_section av-5f9t5o-6d2007cd859a63ad554775d863665b8d'   itemscope=\"itemscope\" itemtype=\"https:\/\/schema.org\/CreativeWork\" ><div class='avia_textblock'  itemprop=\"text\" ><p><strong>Fleurs de mauve<\/strong><\/p>\n<p>La mauve noire (Althaea rosea ou Alcea rosea) de la famille des Malvaceae ne doit pas \u00eatre confondue avec la mauve sauvage (Malva silvestris), qui ne porte pas des fleurs brun noir, mais rouge bleut\u00e9. La mauve noire est originaire de Chine et est arriv\u00e9e en Europe via la Syrie.<br \/>\nLes fleurs r\u00e9colt\u00e9es sont s\u00e9ch\u00e9es \u00e0 l'air libre sans chaleur suppl\u00e9mentaire. Le produit s\u00e9ch\u00e9 \u00e0 l'ombre a une teneur en colorant plus \u00e9lev\u00e9e que celui s\u00e9ch\u00e9 au soleil. Les fleurs doivent \u00eatre bien prot\u00e9g\u00e9es de l'humidit\u00e9, car elles peuvent tr\u00e8s facilement commencer \u00e0 moisir. Dans de bonnes conditions, les fleurs peuvent toutefois \u00eatre conserv\u00e9es plusieurs ann\u00e9es sans que leur pouvoir colorant ne diminue. Parmi les substances contenues dans la mauve, on trouve les colorants anthocyanes hydrosolubles et la myrtilline. Les \u0153ufs de P\u00e2ques prennent une teinte gris-vert lorsqu'ils sont color\u00e9s avec des fleurs de mauve.<\/p>\n<p>Wie du mit dieser Farbe die sch\u00f6nsten Ergebnisse erzielst, erf\u00e4hrst du in unserer <a class=\"underline underline underline-offset-2 decoration-1 decoration-current\/40 hover:decoration-current focus:decoration-current\" href=\"\/fr\/ostereier-faerben\/\">F\u00e4rbe-Anleitung<\/a>.<\/p>\n<\/div><\/section><br \/>\n<div  class='avia-button-wrap av-58dmqs-e8f29b111f8c3701d62ee66dca619922-wrap avia-button-left  avia-builder-el-24  el_after_av_textblock  avia-builder-el-last'><a href='https:\/\/www.eifarb.ch\/fr\/produit\/eierfarbe-grau-gruen\/'  class='avia-button av-58dmqs-e8f29b111f8c3701d62ee66dca619922 av-link-btn avia-icon_select-no avia-size-medium avia-position-left avia-color-theme-color'   aria-label=\"Peinture pour \u0153ufs gris-vert \u00e0 commander dans la boutique\"><span class='avia_iconbox_title' >Peinture pour \u0153ufs gris-vert \u00e0 commander dans la boutique<\/span><\/a><\/div><\/p><\/div><\/div><!--close column table wrapper. Autoclose: 1 --><\/div><\/div><\/div><!-- close content main div --><\/div><\/div><div id='av_section_4'  class='avia-section av-3y5wgc-3b1698f40389cd6086f51f4ddd745eb5 main_color avia-section-default avia-no-border-styling  avia-builder-el-25  el_after_av_section  el_before_av_section  avia-bg-style-scroll container_wrap fullsize'  ><div class='container av-section-cont-open' ><div class='template-page content  av-content-full alpha units'><div class='post-entry post-entry-type-page post-entry-812'><div class='entry-content-wrapper clearfix'>\n<div class='flex_column_table av-3p6gxo-6a61d0b802ce6f05e379677cbc2a24be sc-av_two_fifth av-equal-height-column-flextable'>\n<style type=\"text\/css\" data-created_by=\"avia_inline_auto\" id=\"style-css-av-3p6gxo-6a61d0b802ce6f05e379677cbc2a24be\">\n.flex_column.av-3p6gxo-6a61d0b802ce6f05e379677cbc2a24be{\nborder-radius:0px 0px 0px 0px;\npadding:0px 0px 0px 0px;\n}\n<\/style>\n<div  class='flex_column av-3p6gxo-6a61d0b802ce6f05e379677cbc2a24be av_two_fifth  avia-builder-el-26  el_before_av_three_fifth  avia-builder-el-first  first flex_column_table_cell av-equal-height-column av-align-bottom av-zero-column-padding'     ><style type=\"text\/css\" data-created_by=\"avia_inline_auto\" id=\"style-css-av-3i4jqc-5c63fcefc57579bac3147a741496e5e8\">\n.avia-image-container.av-3i4jqc-5c63fcefc57579bac3147a741496e5e8 img.avia_image{\nbox-shadow:none;\n}\n.avia-image-container.av-3i4jqc-5c63fcefc57579bac3147a741496e5e8 .av-image-caption-overlay-center{\ncolor:#ffffff;\n}\n<\/style>\n<div  class='avia-image-container av-3i4jqc-5c63fcefc57579bac3147a741496e5e8 av-styling- avia-align-center  avia-builder-el-27  avia-builder-el-no-sibling'   itemprop=\"image\" itemscope=\"itemscope\" itemtype=\"https:\/\/schema.org\/ImageObject\" ><div class=\"avia-image-container-inner\"><div class=\"avia-image-overlay-wrap\"><img decoding=\"async\" fetchpriority=\"high\" class='wp-image-1280 avia-img-lazy-loading-not-1280 avia_image' src=\"https:\/\/www.eifarb.ch\/webseite\/wp-content\/uploads\/2020\/02\/gruen-eier-farbe-ostern-1030x1030.jpg\" alt='Nat\u00fcrliche Eierfarbe olive-gr\u00fcn \u2013 Mischung aus Gelbholz und Malve' title='vert-oeuf-couleur-p\u00e2ques'  height=\"1030\" width=\"1030\"  itemprop=\"thumbnailUrl\" srcset=\"https:\/\/www.eifarb.ch\/webseite\/wp-content\/uploads\/2020\/02\/gruen-eier-farbe-ostern-1030x1030.jpg 1030w, https:\/\/www.eifarb.ch\/webseite\/wp-content\/uploads\/2020\/02\/gruen-eier-farbe-ostern-450x450.jpg 450w, https:\/\/www.eifarb.ch\/webseite\/wp-content\/uploads\/2020\/02\/gruen-eier-farbe-ostern-100x100.jpg 100w, https:\/\/www.eifarb.ch\/webseite\/wp-content\/uploads\/2020\/02\/gruen-eier-farbe-ostern-300x300.jpg 300w, https:\/\/www.eifarb.ch\/webseite\/wp-content\/uploads\/2020\/02\/gruen-eier-farbe-ostern-80x80.jpg 80w, https:\/\/www.eifarb.ch\/webseite\/wp-content\/uploads\/2020\/02\/gruen-eier-farbe-ostern-768x768.jpg 768w, https:\/\/www.eifarb.ch\/webseite\/wp-content\/uploads\/2020\/02\/gruen-eier-farbe-ostern-1536x1536.jpg 1536w, https:\/\/www.eifarb.ch\/webseite\/wp-content\/uploads\/2020\/02\/gruen-eier-farbe-ostern-2048x2048.jpg 2048w, https:\/\/www.eifarb.ch\/webseite\/wp-content\/uploads\/2020\/02\/gruen-eier-farbe-ostern-36x36.jpg 36w, https:\/\/www.eifarb.ch\/webseite\/wp-content\/uploads\/2020\/02\/gruen-eier-farbe-ostern-180x180.jpg 180w, https:\/\/www.eifarb.ch\/webseite\/wp-content\/uploads\/2020\/02\/gruen-eier-farbe-ostern-1500x1500.jpg 1500w, https:\/\/www.eifarb.ch\/webseite\/wp-content\/uploads\/2020\/02\/gruen-eier-farbe-ostern-705x705.jpg 705w\" sizes=\"(max-width: 1030px) 100vw, 1030px\" \/><\/div><\/div><\/div><\/div><div class='av-flex-placeholder'><\/div>\n<style type=\"text\/css\" data-created_by=\"avia_inline_auto\" id=\"style-css-av-3fgrfg-47b77752ec25388015fe4734a523a252\">\n.flex_column.av-3fgrfg-47b77752ec25388015fe4734a523a252{\nborder-radius:0px 0px 0px 0px;\npadding:0px 0px 0px 0px;\n}\n<\/style>\n<div  class='flex_column av-3fgrfg-47b77752ec25388015fe4734a523a252 av_three_fifth  avia-builder-el-28  el_after_av_two_fifth  avia-builder-el-last  flex_column_table_cell av-equal-height-column av-align-bottom'     ><p>\n<style type=\"text\/css\" data-created_by=\"avia_inline_auto\" id=\"style-css-av-k7lj0-7d4353912724d258a54e19b03ab2b651\">\n#top .av-special-heading.av-k7lj0-7d4353912724d258a54e19b03ab2b651{\npadding-bottom:10px;\n}\nbody .av-special-heading.av-k7lj0-7d4353912724d258a54e19b03ab2b651 .av-special-heading-tag .heading-char{\nfont-size:25px;\n}\n.av-special-heading.av-k7lj0-7d4353912724d258a54e19b03ab2b651 .av-subheading{\nfont-size:15px;\n}\n<\/style>\n<div  class='av-special-heading av-k7lj0-7d4353912724d258a54e19b03ab2b651 av-special-heading-h3 blockquote modern-quote  avia-builder-el-29  el_before_av_textblock  avia-builder-el-first'><h3 class='av-special-heading-tag'  itemprop=\"headline\"  >Couleur des \u0153ufs \"vert olive<\/h3><div class=\"special-heading-border\"><div class=\"special-heading-inner-border\"><\/div><\/div><\/div><br \/>\n<section  class='av_textblock_section av-34fdvg-2011d4c1dcda8e8ef88571fe26428338'   itemscope=\"itemscope\" itemtype=\"https:\/\/schema.org\/CreativeWork\" ><div class='avia_textblock'  itemprop=\"text\" ><p><strong>M\u00e9lange Vert <\/strong><\/p>\n<p class=\"p1\">Pour colorer naturellement les \u0153ufs de P\u00e2ques en vert, on utilise un m\u00e9lange de <span class=\"s1\"><b>Bois jaune<\/b><\/span> (\u00e9galement appel\u00e9 bois fustik) et <span class=\"s1\"><b>fleurs s\u00e9ch\u00e9es de mauve noire<\/b><\/span> est utilis\u00e9e. Cette combinaison donne une nuance de vert allant du plus tendre au plus vif, selon la dur\u00e9e de la coloration et le fond de l'\u0153uf.<\/p>\n<p class=\"p1\">La couleur verte est fra\u00eeche, vivante et apporte un beau contraste avec les tons classiques de brun, jaune et rouge dans le panier de P\u00e2ques - sans aucun additif synth\u00e9tique.<\/p>\n<p>Wie du mit dieser Farbe die sch\u00f6nsten Ergebnisse erzielst, erf\u00e4hrst du in unserer <a class=\"underline underline underline-offset-2 decoration-1 decoration-current\/40 hover:decoration-current focus:decoration-current\" href=\"\/fr\/ostereier-faerben\/\">F\u00e4rbe-Anleitung<\/a>.<\/p>\n<\/div><\/section><br \/>\n<div  class='avia-button-wrap av-2yksus-aacae33da1b28cf5b8260ab326e10540-wrap avia-button-left  avia-builder-el-31  el_after_av_textblock  avia-builder-el-last'><a href='https:\/\/www.eifarb.ch\/fr\/?post_type=product&p=741'  class='avia-button av-2yksus-aacae33da1b28cf5b8260ab326e10540 av-link-btn avia-icon_select-no avia-size-medium avia-position-left avia-color-theme-color'   aria-label=\"Commander la peinture pour \u0153ufs vert olive dans la boutique\"><span class='avia_iconbox_title' >Commander la peinture pour \u0153ufs vert olive dans la boutique<\/span><\/a><\/div><\/p><\/div><\/div><!--close column table wrapper. Autoclose: 1 --><\/div><\/div><\/div><!-- close content main div --><\/div><\/div><div id='av_section_5'  class='avia-section av-2rbz70-278cf19aac48c2a4e9f326d4119595f5 main_color avia-section-default avia-no-border-styling  avia-builder-el-32  el_after_av_section  el_before_av_section  avia-bg-style-scroll container_wrap fullsize'  ><div class='container av-section-cont-open' ><div class='template-page content  av-content-full alpha units'><div class='post-entry post-entry-type-page post-entry-812'><div class='entry-content-wrapper clearfix'>\n<div class='flex_column_table av-2kaw30-8855453e4d8fb1de9d8630799be96fe8 sc-av_two_fifth av-equal-height-column-flextable'>\n<style type=\"text\/css\" data-created_by=\"avia_inline_auto\" id=\"style-css-av-2kaw30-8855453e4d8fb1de9d8630799be96fe8\">\n.flex_column.av-2kaw30-8855453e4d8fb1de9d8630799be96fe8{\nborder-radius:0px 0px 0px 0px;\npadding:0px 0px 0px 0px;\n}\n<\/style>\n<div  class='flex_column av-2kaw30-8855453e4d8fb1de9d8630799be96fe8 av_two_fifth  avia-builder-el-33  el_before_av_three_fifth  avia-builder-el-first  first flex_column_table_cell av-equal-height-column av-align-bottom av-zero-column-padding'     ><style type=\"text\/css\" data-created_by=\"avia_inline_auto\" id=\"style-css-av-2eksbw-99238aeaadd0d2b2789b3c48e0333566\">\n.avia-image-container.av-2eksbw-99238aeaadd0d2b2789b3c48e0333566 img.avia_image{\nbox-shadow:none;\n}\n.avia-image-container.av-2eksbw-99238aeaadd0d2b2789b3c48e0333566 .av-image-caption-overlay-center{\ncolor:#ffffff;\n}\n<\/style>\n<div  class='avia-image-container av-2eksbw-99238aeaadd0d2b2789b3c48e0333566 av-styling- avia-align-center  avia-builder-el-34  avia-builder-el-no-sibling'   itemprop=\"image\" itemscope=\"itemscope\" itemtype=\"https:\/\/schema.org\/ImageObject\" ><div class=\"avia-image-container-inner\"><div class=\"avia-image-overlay-wrap\"><img decoding=\"async\" fetchpriority=\"high\" class='wp-image-1282 avia-img-lazy-loading-not-1282 avia_image' src=\"https:\/\/www.eifarb.ch\/webseite\/wp-content\/uploads\/2020\/02\/sandelholz-rot-eier-farbe-ostern-1030x1030.jpg\" alt='Nat\u00fcrliche Eierfarbe rot \u2013 aus Sandelholz' title='couleur rouge santal-\u0153ufs-p\u00e2ques'  height=\"1030\" width=\"1030\"  itemprop=\"thumbnailUrl\" srcset=\"https:\/\/www.eifarb.ch\/webseite\/wp-content\/uploads\/2020\/02\/sandelholz-rot-eier-farbe-ostern-1030x1030.jpg 1030w, https:\/\/www.eifarb.ch\/webseite\/wp-content\/uploads\/2020\/02\/sandelholz-rot-eier-farbe-ostern-450x450.jpg 450w, https:\/\/www.eifarb.ch\/webseite\/wp-content\/uploads\/2020\/02\/sandelholz-rot-eier-farbe-ostern-100x100.jpg 100w, https:\/\/www.eifarb.ch\/webseite\/wp-content\/uploads\/2020\/02\/sandelholz-rot-eier-farbe-ostern-300x300.jpg 300w, https:\/\/www.eifarb.ch\/webseite\/wp-content\/uploads\/2020\/02\/sandelholz-rot-eier-farbe-ostern-80x80.jpg 80w, https:\/\/www.eifarb.ch\/webseite\/wp-content\/uploads\/2020\/02\/sandelholz-rot-eier-farbe-ostern-768x768.jpg 768w, https:\/\/www.eifarb.ch\/webseite\/wp-content\/uploads\/2020\/02\/sandelholz-rot-eier-farbe-ostern-1536x1536.jpg 1536w, https:\/\/www.eifarb.ch\/webseite\/wp-content\/uploads\/2020\/02\/sandelholz-rot-eier-farbe-ostern-2048x2048.jpg 2048w, https:\/\/www.eifarb.ch\/webseite\/wp-content\/uploads\/2020\/02\/sandelholz-rot-eier-farbe-ostern-36x36.jpg 36w, https:\/\/www.eifarb.ch\/webseite\/wp-content\/uploads\/2020\/02\/sandelholz-rot-eier-farbe-ostern-180x180.jpg 180w, https:\/\/www.eifarb.ch\/webseite\/wp-content\/uploads\/2020\/02\/sandelholz-rot-eier-farbe-ostern-1500x1500.jpg 1500w, https:\/\/www.eifarb.ch\/webseite\/wp-content\/uploads\/2020\/02\/sandelholz-rot-eier-farbe-ostern-705x705.jpg 705w\" sizes=\"(max-width: 1030px) 100vw, 1030px\" \/><\/div><\/div><\/div><\/div><div class='av-flex-placeholder'><\/div>\n<style type=\"text\/css\" data-created_by=\"avia_inline_auto\" id=\"style-css-av-26ojb0-309c031b09a6f6cd401d0426b47e39f7\">\n.flex_column.av-26ojb0-309c031b09a6f6cd401d0426b47e39f7{\nborder-radius:0px 0px 0px 0px;\npadding:0px 0px 0px 0px;\n}\n<\/style>\n<div  class='flex_column av-26ojb0-309c031b09a6f6cd401d0426b47e39f7 av_three_fifth  avia-builder-el-35  el_after_av_two_fifth  avia-builder-el-last  flex_column_table_cell av-equal-height-column av-align-bottom'     ><p>\n<style type=\"text\/css\" data-created_by=\"avia_inline_auto\" id=\"style-css-av-d7rxw-3d64628415bb7cbdb796f3649b131246\">\n#top .av-special-heading.av-d7rxw-3d64628415bb7cbdb796f3649b131246{\npadding-bottom:10px;\n}\nbody .av-special-heading.av-d7rxw-3d64628415bb7cbdb796f3649b131246 .av-special-heading-tag .heading-char{\nfont-size:25px;\n}\n.av-special-heading.av-d7rxw-3d64628415bb7cbdb796f3649b131246 .av-subheading{\nfont-size:15px;\n}\n<\/style>\n<div  class='av-special-heading av-d7rxw-3d64628415bb7cbdb796f3649b131246 av-special-heading-h3 blockquote modern-quote  avia-builder-el-36  el_before_av_textblock  avia-builder-el-first'><h3 class='av-special-heading-tag'  itemprop=\"headline\"  >Couleur des \u0153ufs \"rouge\u00e2tre<\/h3><div class=\"special-heading-border\"><div class=\"special-heading-inner-border\"><\/div><\/div><\/div><br \/>\n<section  class='av_textblock_section av-1wdvxw-cafd3b79b0f4915244fa96ae4c634837'   itemscope=\"itemscope\" itemtype=\"https:\/\/schema.org\/CreativeWork\" ><div class='avia_textblock'  itemprop=\"text\" ><p><strong>Bois de santal<\/strong><\/p>\n<p class=\"p1\">Le site <span class=\"s1\"><b>bois de santal rouge<\/b><\/span> provient de l'arbre <i>Pterocarpus santalinus<\/i>qui, dans les montagnes <span class=\"s1\"><b>Inde de l'Est<\/b><\/span> et <span class=\"s1\"><b>Ceylons (Sri Lanka)<\/b><\/span> est originaire de l'Inde. Cet arbre imposant fait partie de la famille des l\u00e9gumineuses. Son bois contient plusieurs colorants naturels, dont <span class=\"s1\"><b>Santalin<\/b><\/span> le plus important.<\/p>\n<p class=\"p1\">Lors de la coloration des \u0153ufs, le bois de santal rouge conf\u00e8re \u00e0 la coquille une <span class=\"s1\"><b>coloration brun-rouge<\/b><\/span>qui varie en profondeur et en intensit\u00e9 en fonction de la concentration et de la dur\u00e9e de cuisson. La couleur rappelle les tons chauds de la terre - naturelle, discr\u00e8te et \u00e9l\u00e9gante.<\/p>\n<p class=\"p1\">Contrairement au bois de santal rouge, le <span class=\"s1\"><b>bois de santal blanc et jaune<\/b><\/span> (<i>Santalum album<\/i>), notamment en raison de son <span class=\"s1\"><b>Parfum<\/b><\/span> est tr\u00e8s appr\u00e9ci\u00e9. Il est utilis\u00e9 en parfumerie et comme bois d'ameublement noble en Asie - mais n'a pas de propri\u00e9t\u00e9s tinctoriales.<\/p>\n<p>Wie du mit dieser Farbe die sch\u00f6nsten Ergebnisse erzielst, erf\u00e4hrst du in unserer <a class=\"underline underline underline-offset-2 decoration-1 decoration-current\/40 hover:decoration-current focus:decoration-current\" href=\"\/fr\/ostereier-faerben\/\">F\u00e4rbe-Anleitung<\/a>.<\/p>\n<\/div><\/section><br \/>\n<div  class='avia-button-wrap av-1oh1b8-114514fdaf1388b877854174d723d4b4-wrap avia-button-left  avia-builder-el-38  el_after_av_textblock  avia-builder-el-last'><a href='https:\/\/www.eifarb.ch\/fr\/?post_type=product&p=741'  class='avia-button av-1oh1b8-114514fdaf1388b877854174d723d4b4 av-link-btn avia-icon_select-no avia-size-medium avia-position-left avia-color-theme-color'   aria-label=\"Commander la peinture pour \u0153ufs rouge\u00e2tre dans la boutique\"><span class='avia_iconbox_title' >Commander la peinture pour \u0153ufs rouge\u00e2tre dans la boutique<\/span><\/a><\/div><\/p><\/div><\/div><!--close column table wrapper. Autoclose: 1 --><\/div><\/div><\/div><!-- close content main div --><\/div><\/div><div id='av_section_6'  class='avia-section av-1jdfqs-d3854680d9a57d3a17e60d11f75a5a0a main_color avia-section-default avia-no-border-styling  avia-builder-el-39  el_after_av_section  el_before_av_button_big  avia-bg-style-scroll container_wrap fullsize'  ><div class='container av-section-cont-open' ><div class='template-page content  av-content-full alpha units'><div class='post-entry post-entry-type-page post-entry-812'><div class='entry-content-wrapper clearfix'>\n<div class='flex_column_table av-1f7bf8-2d5650f0723cc787287ce08f91282337 sc-av_two_fifth av-equal-height-column-flextable'>\n<style type=\"text\/css\" data-created_by=\"avia_inline_auto\" id=\"style-css-av-1f7bf8-2d5650f0723cc787287ce08f91282337\">\n.flex_column.av-1f7bf8-2d5650f0723cc787287ce08f91282337{\nborder-radius:0px 0px 0px 0px;\npadding:0px 0px 0px 0px;\n}\n<\/style>\n<div  class='flex_column av-1f7bf8-2d5650f0723cc787287ce08f91282337 av_two_fifth  avia-builder-el-40  el_before_av_three_fifth  avia-builder-el-first  first flex_column_table_cell av-equal-height-column av-align-bottom av-zero-column-padding'     ><style type=\"text\/css\" data-created_by=\"avia_inline_auto\" id=\"style-css-av-1ahbto-cf9e6872c0539234a9da1d68c466195d\">\n.avia-image-container.av-1ahbto-cf9e6872c0539234a9da1d68c466195d img.avia_image{\nbox-shadow:none;\n}\n.avia-image-container.av-1ahbto-cf9e6872c0539234a9da1d68c466195d .av-image-caption-overlay-center{\ncolor:#ffffff;\n}\n<\/style>\n<div  class='avia-image-container av-1ahbto-cf9e6872c0539234a9da1d68c466195d av-styling- avia-align-center  avia-builder-el-41  avia-builder-el-no-sibling'   itemprop=\"image\" itemscope=\"itemscope\" itemtype=\"https:\/\/schema.org\/ImageObject\" ><div class=\"avia-image-container-inner\"><div class=\"avia-image-overlay-wrap\"><img decoding=\"async\" fetchpriority=\"high\" class='wp-image-1276 avia-img-lazy-loading-not-1276 avia_image' src=\"https:\/\/www.eifarb.ch\/webseite\/wp-content\/uploads\/2020\/02\/anattosamen-rot-gelb-eier-farbe-ostern-1030x1030.jpg\" alt='Nat\u00fcrliche Eierfarbe ocker-gelb \u2013 aus Annattosamen' title='anattosamen-rouge-jaune-oeufs-couleur-de- P\u00e2ques'  height=\"1030\" width=\"1030\"  itemprop=\"thumbnailUrl\" srcset=\"https:\/\/www.eifarb.ch\/webseite\/wp-content\/uploads\/2020\/02\/anattosamen-rot-gelb-eier-farbe-ostern-1030x1030.jpg 1030w, https:\/\/www.eifarb.ch\/webseite\/wp-content\/uploads\/2020\/02\/anattosamen-rot-gelb-eier-farbe-ostern-450x450.jpg 450w, https:\/\/www.eifarb.ch\/webseite\/wp-content\/uploads\/2020\/02\/anattosamen-rot-gelb-eier-farbe-ostern-100x100.jpg 100w, https:\/\/www.eifarb.ch\/webseite\/wp-content\/uploads\/2020\/02\/anattosamen-rot-gelb-eier-farbe-ostern-300x300.jpg 300w, https:\/\/www.eifarb.ch\/webseite\/wp-content\/uploads\/2020\/02\/anattosamen-rot-gelb-eier-farbe-ostern-80x80.jpg 80w, https:\/\/www.eifarb.ch\/webseite\/wp-content\/uploads\/2020\/02\/anattosamen-rot-gelb-eier-farbe-ostern-768x768.jpg 768w, https:\/\/www.eifarb.ch\/webseite\/wp-content\/uploads\/2020\/02\/anattosamen-rot-gelb-eier-farbe-ostern-1536x1536.jpg 1536w, https:\/\/www.eifarb.ch\/webseite\/wp-content\/uploads\/2020\/02\/anattosamen-rot-gelb-eier-farbe-ostern-2048x2048.jpg 2048w, https:\/\/www.eifarb.ch\/webseite\/wp-content\/uploads\/2020\/02\/anattosamen-rot-gelb-eier-farbe-ostern-36x36.jpg 36w, https:\/\/www.eifarb.ch\/webseite\/wp-content\/uploads\/2020\/02\/anattosamen-rot-gelb-eier-farbe-ostern-180x180.jpg 180w, https:\/\/www.eifarb.ch\/webseite\/wp-content\/uploads\/2020\/02\/anattosamen-rot-gelb-eier-farbe-ostern-1500x1500.jpg 1500w, https:\/\/www.eifarb.ch\/webseite\/wp-content\/uploads\/2020\/02\/anattosamen-rot-gelb-eier-farbe-ostern-705x705.jpg 705w\" sizes=\"(max-width: 1030px) 100vw, 1030px\" \/><\/div><\/div><\/div><\/div><div class='av-flex-placeholder'><\/div>\n<style type=\"text\/css\" data-created_by=\"avia_inline_auto\" id=\"style-css-av-153jqs-9a9d43ed112634f8eef06f515d8ffe56\">\n.flex_column.av-153jqs-9a9d43ed112634f8eef06f515d8ffe56{\nborder-radius:0px 0px 0px 0px;\npadding:0px 0px 0px 0px;\n}\n<\/style>\n<div  class='flex_column av-153jqs-9a9d43ed112634f8eef06f515d8ffe56 av_three_fifth  avia-builder-el-42  el_after_av_two_fifth  avia-builder-el-last  flex_column_table_cell av-equal-height-column av-align-bottom'     ><p>\n<style type=\"text\/css\" data-created_by=\"avia_inline_auto\" id=\"style-css-av-ahzvo-0dcdc5f695e74d62ed2520f1142fe898\">\n#top .av-special-heading.av-ahzvo-0dcdc5f695e74d62ed2520f1142fe898{\npadding-bottom:10px;\n}\nbody .av-special-heading.av-ahzvo-0dcdc5f695e74d62ed2520f1142fe898 .av-special-heading-tag .heading-char{\nfont-size:25px;\n}\n.av-special-heading.av-ahzvo-0dcdc5f695e74d62ed2520f1142fe898 .av-subheading{\nfont-size:15px;\n}\n<\/style>\n<div  class='av-special-heading av-ahzvo-0dcdc5f695e74d62ed2520f1142fe898 av-special-heading-h3 blockquote modern-quote  avia-builder-el-43  el_before_av_textblock  avia-builder-el-first'><h3 class='av-special-heading-tag'  itemprop=\"headline\"  >Couleur des \u0153ufs \"jaune ocre<\/h3><div class=\"special-heading-border\"><div class=\"special-heading-inner-border\"><\/div><\/div><\/div><br \/>\n<section  class='av_textblock_section av-sw8xg-894d35ce3867aede3fdea4bc83ac88b6'   itemscope=\"itemscope\" itemtype=\"https:\/\/schema.org\/CreativeWork\" ><div class='avia_textblock'  itemprop=\"text\" ><p><strong>Graines d'annatto<\/strong><\/p>\n<p>Annatto (Orleanae semen) est le nom donn\u00e9 aux graines jaune-rouge\u00e2tre de l'orleanier (Bixa orellana) utilis\u00e9es comme \u00e9pice et comme colorant alimentaire (E160b). Cette plante se trouve dans les Cara\u00efbes et en Am\u00e9rique du Sud tropicale. Ses graines sont petites, rouges et triangulaires et ont un go\u00fbt terreux et amer. Elles \u00e9taient d\u00e9j\u00e0 utilis\u00e9es par les Mayas comme condiment et colorant, par exemple pour les textiles et le corps, mais aussi dans les rites religieux, o\u00f9 elles \u00e9taient associ\u00e9es \u00e0 la pluie.<\/p>\n<p>Le colorant naturel annatto fait partie des carot\u00e9no\u00efdes. Le colorant jaune est un m\u00e9lange de deux compos\u00e9s, la bixine et la norbixine. Les graines sont cuites dans de l'eau chaude en remuant jusqu'\u00e0 ce que l'\u00e9cume se forme. Sur les \u0153ufs de P\u00e2ques, on obtient un beau jaune dor\u00e9.<\/p>\n<p>Wie du mit dieser Farbe die sch\u00f6nsten Ergebnisse erzielst, erf\u00e4hrst du in unserer <a class=\"underline underline underline-offset-2 decoration-1 decoration-current\/40 hover:decoration-current focus:decoration-current\" href=\"\/fr\/ostereier-faerben\/\">F\u00e4rbe-Anleitung<\/a>.<\/p>\n<\/div><\/section><br \/>\n<div  class='avia-button-wrap av-n054k-04a10582305b17101724de432b12ffb8-wrap avia-button-left  avia-builder-el-45  el_after_av_textblock  avia-builder-el-last'><a href='https:\/\/www.eifarb.ch\/fr\/produit\/eierfarbe-roetlich-gelb\/'  class='avia-button av-n054k-04a10582305b17101724de432b12ffb8 av-link-btn avia-icon_select-no avia-size-medium avia-position-left avia-color-theme-color'   aria-label=\"Commander la peinture pour \u0153ufs jaune-rouge\u00e2tre dans la boutique\"><span class='avia_iconbox_title' >Commander la peinture pour \u0153ufs jaune-rouge\u00e2tre dans la boutique<\/span><\/a><\/div><\/p><\/div><\/div><!--close column table wrapper. Autoclose: 1 --><div  class='avia-button-wrap avia-button-center  avia-builder-el-46  el_after_av_section  avia-builder-el-last'>\n<style type=\"text\/css\" data-created_by=\"avia_inline_auto\" id=\"style-css-av-mmt15ilb-5aca57182e80c218952635b8a7915135\">\n#top #wrap_all .avia-button.av-mmt15ilb-5aca57182e80c218952635b8a7915135:hover{\ncolor:white;\ntransition:all 0.4s ease-in-out;\n}\n#top #wrap_all .avia-button.av-mmt15ilb-5aca57182e80c218952635b8a7915135:hover .avia-svg-icon svg:first-child{\nfill:white;\nstroke:white;\n}\n<\/style>\n<a href='' class='avia-color-theme-color avia-font-color-theme-color avia-button avia-button-fullwidth av-mmt15ilb-5aca57182e80c218952635b8a7915135 avia-icon_select-no avia-color-theme-color'   aria-label=\"Alle 7 Farben gibt es auch als praktisches Ostereierfarben 7er-Set zum Vorteilspreis.\"><span class='avia_iconbox_title' >Alle 7 Farben gibt es auch als praktisches Ostereierfarben 7er-Set zum Vorteilspreis.<\/span><span class='avia_button_background avia-button avia-button-fullwidth avia-color-theme-color-highlight'><\/span><\/a><\/div><\/p>","protected":false},"excerpt":{"rendered":"","protected":false},"author":1,"featured_media":0,"parent":0,"menu_order":0,"comment_status":"closed","ping_status":"closed","template":"","meta":{"footnotes":""},"class_list":["post-812","page","type-page","status-publish","hentry"],"yoast_head":"<!-- This site is optimized with the Yoast SEO plugin v27.5 - https:\/\/yoast.com\/product\/yoast-seo-wordpress\/ -->\n<title>7 nat\u00fcrliche Eierfarben aus Pflanzen \u2013 Blauholz, Walnuss &amp; mehr<\/title>\n<meta name=\"description\" content=\"7 nat\u00fcrliche Eierfarben: Blauholz, Walnussschalen, Annattosamen &amp; mehr. Ohne synthetische Zus\u00e4tze \u2013 hergestellt in der Schweiz.\" \/>\n<meta name=\"robots\" content=\"index, follow, max-snippet:-1, max-image-preview:large, max-video-preview:-1\" \/>\n<link rel=\"canonical\" href=\"https:\/\/www.eifarb.ch\/fr\/eierfarben\/\" \/>\n<meta property=\"og:locale\" content=\"fr_FR\" \/>\n<meta property=\"og:type\" content=\"article\" \/>\n<meta property=\"og:title\" content=\"7 nat\u00fcrliche Eierfarben aus Pflanzen \u2013 Blauholz, Walnuss &amp; mehr\" \/>\n<meta property=\"og:description\" content=\"7 nat\u00fcrliche Eierfarben: Blauholz, Walnussschalen, Annattosamen &amp; mehr. Ohne synthetische Zus\u00e4tze \u2013 hergestellt in der Schweiz.\" \/>\n<meta property=\"og:url\" content=\"https:\/\/www.eifarb.ch\/fr\/eierfarben\/\" \/>\n<meta property=\"og:site_name\" content=\"nat\u00fcrliche Oster Eierfarben - Shop\" \/>\n<meta property=\"article:modified_time\" content=\"2026-03-16T15:35:35+00:00\" \/>\n<meta name=\"twitter:card\" content=\"summary_large_image\" \/>\n<meta name=\"twitter:label1\" content=\"Dur\u00e9e de lecture estim\u00e9e\" \/>\n\t<meta name=\"twitter:data1\" content=\"6 minutes\" \/>\n<script type=\"application\/ld+json\" class=\"yoast-schema-graph\">{\"@context\":\"https:\\\/\\\/schema.org\",\"@graph\":[{\"@type\":\"WebPage\",\"@id\":\"https:\\\/\\\/www.eifarb.ch\\\/eierfarben\\\/\",\"url\":\"https:\\\/\\\/www.eifarb.ch\\\/eierfarben\\\/\",\"name\":\"7 nat\u00fcrliche Eierfarben aus Pflanzen \u2013 Blauholz, Walnuss & mehr\",\"isPartOf\":{\"@id\":\"https:\\\/\\\/www.eifarb.ch\\\/#website\"},\"datePublished\":\"2016-02-18T10:15:33+00:00\",\"dateModified\":\"2026-03-16T15:35:35+00:00\",\"description\":\"7 nat\u00fcrliche Eierfarben: Blauholz, Walnussschalen, Annattosamen & mehr. Ohne synthetische Zus\u00e4tze \u2013 hergestellt in der Schweiz.\",\"breadcrumb\":{\"@id\":\"https:\\\/\\\/www.eifarb.ch\\\/eierfarben\\\/#breadcrumb\"},\"inLanguage\":\"fr-FR\",\"potentialAction\":[{\"@type\":\"ReadAction\",\"target\":[\"https:\\\/\\\/www.eifarb.ch\\\/eierfarben\\\/\"]}]},{\"@type\":\"BreadcrumbList\",\"@id\":\"https:\\\/\\\/www.eifarb.ch\\\/eierfarben\\\/#breadcrumb\",\"itemListElement\":[{\"@type\":\"ListItem\",\"position\":1,\"name\":\"Startseite\",\"item\":\"https:\\\/\\\/www.eifarb.ch\\\/natuerliche-ostereier-farben\\\/\"},{\"@type\":\"ListItem\",\"position\":2,\"name\":\"Eierfarben\"}]},{\"@type\":\"WebSite\",\"@id\":\"https:\\\/\\\/www.eifarb.ch\\\/#website\",\"url\":\"https:\\\/\\\/www.eifarb.ch\\\/\",\"name\":\"nat\u00fcrliche Oster Eierfarben - Shop\",\"description\":\"Ostereier f\u00e4rben mit Farben aus der Natur\",\"potentialAction\":[{\"@type\":\"SearchAction\",\"target\":{\"@type\":\"EntryPoint\",\"urlTemplate\":\"https:\\\/\\\/www.eifarb.ch\\\/?s={search_term_string}\"},\"query-input\":{\"@type\":\"PropertyValueSpecification\",\"valueRequired\":true,\"valueName\":\"search_term_string\"}}],\"inLanguage\":\"fr-FR\"}]}<\/script>\n<!-- \/ Yoast SEO plugin. -->","yoast_head_json":{"title":"7 nat\u00fcrliche Eierfarben aus Pflanzen \u2013 Blauholz, Walnuss & mehr","description":"7 nat\u00fcrliche Eierfarben: Blauholz, Walnussschalen, Annattosamen & mehr. Ohne synthetische Zus\u00e4tze \u2013 hergestellt in der Schweiz.","robots":{"index":"index","follow":"follow","max-snippet":"max-snippet:-1","max-image-preview":"max-image-preview:large","max-video-preview":"max-video-preview:-1"},"canonical":"https:\/\/www.eifarb.ch\/fr\/eierfarben\/","og_locale":"fr_FR","og_type":"article","og_title":"7 nat\u00fcrliche Eierfarben aus Pflanzen \u2013 Blauholz, Walnuss & mehr","og_description":"7 nat\u00fcrliche Eierfarben: Blauholz, Walnussschalen, Annattosamen & mehr. Ohne synthetische Zus\u00e4tze \u2013 hergestellt in der Schweiz.","og_url":"https:\/\/www.eifarb.ch\/fr\/eierfarben\/","og_site_name":"nat\u00fcrliche Oster Eierfarben - Shop","article_modified_time":"2026-03-16T15:35:35+00:00","twitter_card":"summary_large_image","twitter_misc":{"Dur\u00e9e de lecture estim\u00e9e":"6 minutes"},"schema":{"@context":"https:\/\/schema.org","@graph":[{"@type":"WebPage","@id":"https:\/\/www.eifarb.ch\/eierfarben\/","url":"https:\/\/www.eifarb.ch\/eierfarben\/","name":"7 nat\u00fcrliche Eierfarben aus Pflanzen \u2013 Blauholz, Walnuss & mehr","isPartOf":{"@id":"https:\/\/www.eifarb.ch\/#website"},"datePublished":"2016-02-18T10:15:33+00:00","dateModified":"2026-03-16T15:35:35+00:00","description":"7 nat\u00fcrliche Eierfarben: Blauholz, Walnussschalen, Annattosamen & mehr. Ohne synthetische Zus\u00e4tze \u2013 hergestellt in der Schweiz.","breadcrumb":{"@id":"https:\/\/www.eifarb.ch\/eierfarben\/#breadcrumb"},"inLanguage":"fr-FR","potentialAction":[{"@type":"ReadAction","target":["https:\/\/www.eifarb.ch\/eierfarben\/"]}]},{"@type":"BreadcrumbList","@id":"https:\/\/www.eifarb.ch\/eierfarben\/#breadcrumb","itemListElement":[{"@type":"ListItem","position":1,"name":"Startseite","item":"https:\/\/www.eifarb.ch\/natuerliche-ostereier-farben\/"},{"@type":"ListItem","position":2,"name":"Eierfarben"}]},{"@type":"WebSite","@id":"https:\/\/www.eifarb.ch\/#website","url":"https:\/\/www.eifarb.ch\/","name":"Peintures naturelles pour oeufs de P\u00e2ques - Boutique","description":"Teindre des \u0153ufs de P\u00e2ques avec des couleurs de la nature","potentialAction":[{"@type":"SearchAction","target":{"@type":"EntryPoint","urlTemplate":"https:\/\/www.eifarb.ch\/?s={search_term_string}"},"query-input":{"@type":"PropertyValueSpecification","valueRequired":true,"valueName":"search_term_string"}}],"inLanguage":"fr-FR"}]}},"_links":{"self":[{"href":"https:\/\/www.eifarb.ch\/fr\/wp-json\/wp\/v2\/pages\/812","targetHints":{"allow":["GET"]}}],"collection":[{"href":"https:\/\/www.eifarb.ch\/fr\/wp-json\/wp\/v2\/pages"}],"about":[{"href":"https:\/\/www.eifarb.ch\/fr\/wp-json\/wp\/v2\/types\/page"}],"author":[{"embeddable":true,"href":"https:\/\/www.eifarb.ch\/fr\/wp-json\/wp\/v2\/users\/1"}],"replies":[{"embeddable":true,"href":"https:\/\/www.eifarb.ch\/fr\/wp-json\/wp\/v2\/comments?post=812"}],"version-history":[{"count":14,"href":"https:\/\/www.eifarb.ch\/fr\/wp-json\/wp\/v2\/pages\/812\/revisions"}],"predecessor-version":[{"id":4464,"href":"https:\/\/www.eifarb.ch\/fr\/wp-json\/wp\/v2\/pages\/812\/revisions\/4464"}],"wp:attachment":[{"href":"https:\/\/www.eifarb.ch\/fr\/wp-json\/wp\/v2\/media?parent=812"}],"curies":[{"name":"wp","href":"https:\/\/api.w.org\/{rel}","templated":true}]}}